{"id":2991,"date":"2022-09-22T18:30:51","date_gmt":"2022-09-22T18:30:51","guid":{"rendered":"https:\/\/emredardokuma.com\/dar-dokuma-uretimi\/"},"modified":"2024-08-03T16:17:02","modified_gmt":"2024-08-03T16:17:02","slug":"dar-dokuma-uretimi","status":"publish","type":"page","link":"https:\/\/emredardokuma.com\/tr\/dar-dokuma-uretimi\/","title":{"rendered":"Dar Dokuma \u00dcretimi"},"content":{"rendered":"\t\t<div data-elementor-type=\"wp-page\" data-elementor-id=\"2991\" class=\"elementor elementor-2991 elementor-2\">\n\t\t\t\t\t\t<section class=\"elementor-section elementor-top-section elementor-element elementor-element-24c1344e elementor-section-boxed elementor-section-height-default elementor-section-height-default\" data-id=\"24c1344e\" data-element_type=\"section\" data-e-type=\"section\">\n\t\t\t\t\t\t<div class=\"elementor-container elementor-column-gap-default\">\n\t\t\t\t\t<div class=\"elementor-column elementor-col-100 elementor-top-column elementor-element elementor-element-1ee61d43\" data-id=\"1ee61d43\" data-element_type=\"column\" data-e-type=\"column\">\n\t\t\t<div class=\"elementor-widget-wrap elementor-element-populated\">\n\t\t\t\t\t\t<div class=\"elementor-element elementor-element-75e3141b elementor-widget elementor-widget-text-editor\" data-id=\"75e3141b\" data-element_type=\"widget\" data-e-type=\"widget\" data-widget_type=\"text-editor.default\">\n\t\t\t\t<div class=\"elementor-widget-container\">\n\t\t\t\t\t\t\t\t\t<h1>Dar Dokuma \u00dcretimi<\/h1>\n\t\t\t\t\t\t\t\t<\/div>\n\t\t\t\t<\/div>\n\t\t\t\t\t<\/div>\n\t\t<\/div>\n\t\t\t\t\t<\/div>\n\t\t<\/section>\n\t\t\t\t<section class=\"elementor-section elementor-top-section elementor-element elementor-element-f379c9e elementor-section-boxed elementor-section-height-default elementor-section-height-default\" data-id=\"f379c9e\" data-element_type=\"section\" data-e-type=\"section\">\n\t\t\t\t\t\t<div class=\"elementor-container elementor-column-gap-default\">\n\t\t\t\t\t<div class=\"elementor-column elementor-col-100 elementor-top-column elementor-element elementor-element-2f72fae\" data-id=\"2f72fae\" data-element_type=\"column\" data-e-type=\"column\">\n\t\t\t<div class=\"elementor-widget-wrap elementor-element-populated\">\n\t\t\t\t\t\t<div class=\"elementor-element elementor-element-f154f25 elementor-widget elementor-widget-text-editor\" data-id=\"f154f25\" data-element_type=\"widget\" data-e-type=\"widget\" data-widget_type=\"text-editor.default\">\n\t\t\t\t<div class=\"elementor-widget-container\">\n\t\t\t\t\t\t\t\t\t<p>Nitelikli \u00e7al\u0131\u015fanlar\u0131m\u0131zla kaliteli <a title=\"\u00dcr\u00fcnler\" href=\"https:\/\/emredardokuma.com\/tr\/urunler\/\">\u00fcr\u00fcnler<\/a> ortaya \u00e7\u0131kar\u0131yor ve bir\u00e7ok \u00fclkeye \u00fcr\u00fcn sa\u011fl\u0131yoruz. Emre Dar Dokuma \u00dcretim olarak her zaman kalite standartlar\u0131m\u0131z\u0131 ve beklentilerimizi kar\u015f\u0131layan \u00fcr\u00fcnler yaratmay\u0131 hedefliyoruz. \u00dcretim a\u015famas\u0131n\u0131n kusursuz olmas\u0131 gerekti\u011fine inan\u0131yoruz. Bu nedenle yapt\u0131\u011f\u0131m\u0131z ya da planlad\u0131\u011f\u0131m\u0131z t\u00fcm \u00e7al\u0131\u015fmalarda a\u015famal\u0131 ve kontroll\u00fc bir yol izliyoruz. Hammaddenin geli\u015finden, \u00fcr\u00fcn\u00fcn teslimine kadar her a\u015famada hassasiyetle \u00e7al\u0131\u015f\u0131yoruz.<\/p>\n<p>Etkili fikirlerle, dinamik tasar\u0131mlar olu\u015fturan ekibimiz ve ekipmanlar\u0131m\u0131zla farkl\u0131 iplik \u00e7e\u015fitlerinden olu\u015fan \u00fcretimler yapabiliyoruz. Y\u0131lda 3 Milyon metre \u00fcretim yapt\u0131\u011f\u0131m\u0131z tesisimizde <a href=\"https:\/\/emredardokuma.com\/tr\/dar-dokuma-kumaslar\/\" target=\"_blank\" rel=\"noopener\">Dar Dokuma<\/a> sekt\u00f6r\u00fcnde kullan\u0131lan &#8220;Elastik, Kord, Bal\u0131ks\u0131rt\u0131, Bant, Recycle ve Organik modellerini \u00fcretiyoruz.<\/p>\n\t\t\t\t\t\t\t\t<\/div>\n\t\t\t\t<\/div>\n\t\t\t\t\t<\/div>\n\t\t<\/div>\n\t\t\t\t\t<\/div>\n\t\t<\/section>\n\t\t\t\t<section class=\"elementor-section elementor-top-section elementor-element elementor-element-bdd4c01 elementor-section-boxed elementor-section-height-default elementor-section-height-default\" data-id=\"bdd4c01\" data-element_type=\"section\" data-e-type=\"section\">\n\t\t\t\t\t\t<div class=\"elementor-container elementor-column-gap-default\">\n\t\t\t\t\t<div class=\"elementor-column elementor-col-100 elementor-top-column elementor-element elementor-element-fd82396\" data-id=\"fd82396\" data-element_type=\"column\" data-e-type=\"column\">\n\t\t\t<div class=\"elementor-widget-wrap elementor-element-populated\">\n\t\t\t\t\t\t<div class=\"elementor-element elementor-element-dfb4251 elementor-widget elementor-widget-text-editor\" data-id=\"dfb4251\" data-element_type=\"widget\" data-e-type=\"widget\" data-widget_type=\"text-editor.default\">\n\t\t\t\t<div class=\"elementor-widget-container\">\n\t\t\t\t\t\t\t\t\t<h2>Emre Dar Dokuma \u00dcretim A\u015famalar\u0131<\/h2>\n<p>D\u00fcnya \u00e7ap\u0131nda hizmet veren bir marka olarak \u00fcretim s\u00fcrecimizin kusursuz \u015fekilde i\u015flemesi gerekiyor. Bu nedenle \u00fcretim s\u00fcrecimizi a\u015famalar halinde de\u011ferlendiriyor ve olas\u0131 sorunlar\u0131 b\u00fcy\u00fcmeden kontrol alt\u0131na al\u0131yoruz. \u00dcretim a\u015famalar\u0131m\u0131z\u0131 \u015fu ba\u015fl\u0131klar alt\u0131nda toplayabiliriz;<\/p>\t\t\t\t\t\t\t\t<\/div>\n\t\t\t\t<\/div>\n\t\t\t\t\t<\/div>\n\t\t<\/div>\n\t\t\t\t\t<\/div>\n\t\t<\/section>\n\t\t\t\t<section class=\"elementor-section elementor-top-section elementor-element elementor-element-4f4acad elementor-section-boxed elementor-section-height-default elementor-section-height-default\" data-id=\"4f4acad\" data-element_type=\"section\" data-e-type=\"section\">\n\t\t\t\t\t\t<div class=\"elementor-container elementor-column-gap-default\">\n\t\t\t\t\t<div class=\"elementor-column elementor-col-20 elementor-top-column elementor-element elementor-element-8176f70\" data-id=\"8176f70\" data-element_type=\"column\" data-e-type=\"column\">\n\t\t\t<div class=\"elementor-widget-wrap elementor-element-populated\">\n\t\t\t\t\t\t<div class=\"elementor-element elementor-element-29edee4 elementor-widget elementor-widget-image\" data-id=\"29edee4\" data-element_type=\"widget\" data-e-type=\"widget\" data-widget_type=\"image.default\">\n\t\t\t\t<div class=\"elementor-widget-container\">\n\t\t\t\t\t\t\t\t\t\t\t\t\t\t\t<img fetchpriority=\"high\" decoding=\"async\" width=\"1024\" height=\"811\" src=\"https:\/\/emredardokuma.com\/wp-content\/uploads\/2023\/01\/Narrow-Woven-Production-01-1024x811.jpg\" class=\"attachment-large size-large wp-image-2694\" alt=\"Dar Dokuma \u00dcretimi\" srcset=\"https:\/\/emredardokuma.com\/wp-content\/uploads\/2023\/01\/Narrow-Woven-Production-01-1024x811.jpg 1024w, https:\/\/emredardokuma.com\/wp-content\/uploads\/2023\/01\/Narrow-Woven-Production-01-300x238.jpg 300w, https:\/\/emredardokuma.com\/wp-content\/uploads\/2023\/01\/Narrow-Woven-Production-01-768x608.jpg 768w, https:\/\/emredardokuma.com\/wp-content\/uploads\/2023\/01\/Narrow-Woven-Production-01-1x1.jpg 1w, https:\/\/emredardokuma.com\/wp-content\/uploads\/2023\/01\/Narrow-Woven-Production-01-10x8.jpg 10w, https:\/\/emredardokuma.com\/wp-content\/uploads\/2023\/01\/Narrow-Woven-Production-01-1000x792.jpg 1000w, https:\/\/emredardokuma.com\/wp-content\/uploads\/2023\/01\/Narrow-Woven-Production-01.jpg 1200w\" sizes=\"(max-width: 1024px) 100vw, 1024px\" \/>\t\t\t\t\t\t\t\t\t\t\t\t\t\t\t<\/div>\n\t\t\t\t<\/div>\n\t\t\t\t<div class=\"elementor-element elementor-element-b0ef022 elementor-widget elementor-widget-text-editor\" data-id=\"b0ef022\" data-element_type=\"widget\" data-e-type=\"widget\" data-widget_type=\"text-editor.default\">\n\t\t\t\t<div class=\"elementor-widget-container\">\n\t\t\t\t\t\t\t\t\t<h3>Dar Dokuma Tasar\u0131m S\u00fcre\u00e7leri<\/h3>\n<p>Global alanda hizmet veren bir marka olarak tasar\u0131mlar\u0131m\u0131z\u0131n \u00f6zg\u00fcn ve i\u015flevsel olmas\u0131 gerekiyor. \u00c7al\u0131\u015fmalar\u0131m\u0131z\u0131n beklentileri kar\u015f\u0131lamas\u0131 d\u0131\u015f\u0131nda zaman\u0131n modas\u0131na y\u00f6n vermesi de bizim i\u00e7in \u00f6nemlidir. Bu nedenle tasar\u0131mlar\u0131m\u0131z\u0131n geni\u015f kitlelere hitap eden, koleksiyon de\u011feri olan ve \u00f6zg\u00fcn olmas\u0131na dikkat ediyoruz. Tasar\u0131m fikirlerimizi ortaya koyduktan sonra bir sonraki a\u015fama olan modellemeye ge\u00e7iyoruz.<\/p>\t\t\t\t\t\t\t\t<\/div>\n\t\t\t\t<\/div>\n\t\t\t\t\t<\/div>\n\t\t<\/div>\n\t\t\t\t<div class=\"elementor-column elementor-col-20 elementor-top-column elementor-element elementor-element-fef1a37\" data-id=\"fef1a37\" data-element_type=\"column\" data-e-type=\"column\">\n\t\t\t<div class=\"elementor-widget-wrap elementor-element-populated\">\n\t\t\t\t\t\t<div class=\"elementor-element elementor-element-eadce2a elementor-widget elementor-widget-image\" data-id=\"eadce2a\" data-element_type=\"widget\" data-e-type=\"widget\" data-widget_type=\"image.default\">\n\t\t\t\t<div class=\"elementor-widget-container\">\n\t\t\t\t\t\t\t\t\t\t\t\t\t\t\t<img decoding=\"async\" width=\"1024\" height=\"811\" src=\"https:\/\/emredardokuma.com\/wp-content\/uploads\/2023\/01\/Narrow-Woven-Production-02-1024x811.jpg\" class=\"attachment-large size-large wp-image-2695\" alt=\"Dar Dokuma \u00dcretimi\" srcset=\"https:\/\/emredardokuma.com\/wp-content\/uploads\/2023\/01\/Narrow-Woven-Production-02-1024x811.jpg 1024w, https:\/\/emredardokuma.com\/wp-content\/uploads\/2023\/01\/Narrow-Woven-Production-02-300x238.jpg 300w, https:\/\/emredardokuma.com\/wp-content\/uploads\/2023\/01\/Narrow-Woven-Production-02-768x608.jpg 768w, https:\/\/emredardokuma.com\/wp-content\/uploads\/2023\/01\/Narrow-Woven-Production-02-1x1.jpg 1w, https:\/\/emredardokuma.com\/wp-content\/uploads\/2023\/01\/Narrow-Woven-Production-02-10x8.jpg 10w, https:\/\/emredardokuma.com\/wp-content\/uploads\/2023\/01\/Narrow-Woven-Production-02-1000x792.jpg 1000w, https:\/\/emredardokuma.com\/wp-content\/uploads\/2023\/01\/Narrow-Woven-Production-02.jpg 1200w\" sizes=\"(max-width: 1024px) 100vw, 1024px\" \/>\t\t\t\t\t\t\t\t\t\t\t\t\t\t\t<\/div>\n\t\t\t\t<\/div>\n\t\t\t\t<div class=\"elementor-element elementor-element-ff98964 elementor-widget elementor-widget-text-editor\" data-id=\"ff98964\" data-element_type=\"widget\" data-e-type=\"widget\" data-widget_type=\"text-editor.default\">\n\t\t\t\t<div class=\"elementor-widget-container\">\n\t\t\t\t\t\t\t\t\t<h3>Dar Dokuma Modelleme S\u00fcreci<\/h3>\n<p>Tasar\u0131m\u0131 tamamlanan \u00e7al\u0131\u015fmalar\u0131n hangi malzemelerle, ne \u015fekilde i\u015flenece\u011fine bu a\u015famada karar veriyoruz. \u00dcr\u00fcn\u00fcn dayan\u0131kl\u0131l\u0131\u011f\u0131, kullan\u0131labilece\u011fi yerleri, kombin yap\u0131labilece\u011fi uygun \u00fcr\u00fcnleri belirliyoruz. Bu a\u015famadan sonra onaylanan modellerimiz \u00fcr\u00fcn portf\u00f6y\u00fcm\u00fcze i\u015fleniyor ve m\u00fc\u015fterilerimizin be\u011fenisine sunuluyor.<\/p>\t\t\t\t\t\t\t\t<\/div>\n\t\t\t\t<\/div>\n\t\t\t\t\t<\/div>\n\t\t<\/div>\n\t\t\t\t<div class=\"elementor-column elementor-col-20 elementor-top-column elementor-element elementor-element-a5155a6\" data-id=\"a5155a6\" data-element_type=\"column\" data-e-type=\"column\">\n\t\t\t<div class=\"elementor-widget-wrap elementor-element-populated\">\n\t\t\t\t\t\t<div class=\"elementor-element elementor-element-d55a946 elementor-widget elementor-widget-image\" data-id=\"d55a946\" data-element_type=\"widget\" data-e-type=\"widget\" data-widget_type=\"image.default\">\n\t\t\t\t<div class=\"elementor-widget-container\">\n\t\t\t\t\t\t\t\t\t\t\t\t\t\t\t<img decoding=\"async\" width=\"1024\" height=\"811\" src=\"https:\/\/emredardokuma.com\/wp-content\/uploads\/2023\/01\/Narrow-Woven-Production-03-1024x811.jpg\" class=\"attachment-large size-large wp-image-2697\" alt=\"Dar Dokuma \u00dcretimi\" srcset=\"https:\/\/emredardokuma.com\/wp-content\/uploads\/2023\/01\/Narrow-Woven-Production-03-1024x811.jpg 1024w, https:\/\/emredardokuma.com\/wp-content\/uploads\/2023\/01\/Narrow-Woven-Production-03-300x238.jpg 300w, https:\/\/emredardokuma.com\/wp-content\/uploads\/2023\/01\/Narrow-Woven-Production-03-768x608.jpg 768w, https:\/\/emredardokuma.com\/wp-content\/uploads\/2023\/01\/Narrow-Woven-Production-03-1x1.jpg 1w, https:\/\/emredardokuma.com\/wp-content\/uploads\/2023\/01\/Narrow-Woven-Production-03-10x8.jpg 10w, https:\/\/emredardokuma.com\/wp-content\/uploads\/2023\/01\/Narrow-Woven-Production-03-1000x792.jpg 1000w, https:\/\/emredardokuma.com\/wp-content\/uploads\/2023\/01\/Narrow-Woven-Production-03.jpg 1200w\" sizes=\"(max-width: 1024px) 100vw, 1024px\" \/>\t\t\t\t\t\t\t\t\t\t\t\t\t\t\t<\/div>\n\t\t\t\t<\/div>\n\t\t\t\t<div class=\"elementor-element elementor-element-59de0ce elementor-widget elementor-widget-text-editor\" data-id=\"59de0ce\" data-element_type=\"widget\" data-e-type=\"widget\" data-widget_type=\"text-editor.default\">\n\t\t\t\t<div class=\"elementor-widget-container\">\n\t\t\t\t\t\t\t\t\t<h3>Dar Dokuma Dokuma S\u00fcreci<\/h3>\n<p>Sahip oldu\u011fumuz t\u00fcm teknik alt yap\u0131 ve nitelikli \u00e7al\u0131\u015fanlar\u0131m\u0131zla tamamlad\u0131\u011f\u0131m\u0131z Tasar\u0131m ve Modelleme a\u015famalar\u0131ndan sonra \u00fcr\u00fcn\u00fc ortaya \u00e7\u0131karma yani Dokuma s\u00fcrecimiz ba\u015fl\u0131yor. Yetenekli ve tecr\u00fcbeli elemanlar\u0131m\u0131z kendilerine sunulan modeli kusursuz \u015fekilde dokuyarak ortaya \u00e7\u0131kar\u0131yor.<\/p>\t\t\t\t\t\t\t\t<\/div>\n\t\t\t\t<\/div>\n\t\t\t\t\t<\/div>\n\t\t<\/div>\n\t\t\t\t<div class=\"elementor-column elementor-col-20 elementor-top-column elementor-element elementor-element-f4c7fe0\" data-id=\"f4c7fe0\" data-element_type=\"column\" data-e-type=\"column\">\n\t\t\t<div class=\"elementor-widget-wrap elementor-element-populated\">\n\t\t\t\t\t\t<div class=\"elementor-element elementor-element-3fd35b7 elementor-widget elementor-widget-image\" data-id=\"3fd35b7\" data-element_type=\"widget\" data-e-type=\"widget\" data-widget_type=\"image.default\">\n\t\t\t\t<div class=\"elementor-widget-container\">\n\t\t\t\t\t\t\t\t\t\t\t\t\t\t\t<img loading=\"lazy\" decoding=\"async\" width=\"1024\" height=\"811\" src=\"https:\/\/emredardokuma.com\/wp-content\/uploads\/2023\/01\/Narrow-Woven-Production-04-1024x811.jpg\" class=\"attachment-large size-large wp-image-2698\" alt=\"Dar Dokuma \u00dcretimi\" srcset=\"https:\/\/emredardokuma.com\/wp-content\/uploads\/2023\/01\/Narrow-Woven-Production-04-1024x811.jpg 1024w, https:\/\/emredardokuma.com\/wp-content\/uploads\/2023\/01\/Narrow-Woven-Production-04-300x238.jpg 300w, https:\/\/emredardokuma.com\/wp-content\/uploads\/2023\/01\/Narrow-Woven-Production-04-768x608.jpg 768w, https:\/\/emredardokuma.com\/wp-content\/uploads\/2023\/01\/Narrow-Woven-Production-04-1x1.jpg 1w, https:\/\/emredardokuma.com\/wp-content\/uploads\/2023\/01\/Narrow-Woven-Production-04-10x8.jpg 10w, https:\/\/emredardokuma.com\/wp-content\/uploads\/2023\/01\/Narrow-Woven-Production-04-1000x792.jpg 1000w, https:\/\/emredardokuma.com\/wp-content\/uploads\/2023\/01\/Narrow-Woven-Production-04.jpg 1200w\" sizes=\"(max-width: 1024px) 100vw, 1024px\" \/>\t\t\t\t\t\t\t\t\t\t\t\t\t\t\t<\/div>\n\t\t\t\t<\/div>\n\t\t\t\t<div class=\"elementor-element elementor-element-9897b9c elementor-widget elementor-widget-text-editor\" data-id=\"9897b9c\" data-element_type=\"widget\" data-e-type=\"widget\" data-widget_type=\"text-editor.default\">\n\t\t\t\t<div class=\"elementor-widget-container\">\n\t\t\t\t\t\t\t\t\t<h3>Dar Dokuma Bitirme S\u00fcreci<\/h3>\n<p>Bu s\u00fcre\u00e7 \u00fcr\u00fcn\u00fcn kontrollerinin yap\u0131ld\u0131\u011f\u0131 ve onay ald\u0131\u011f\u0131 s\u00fcreci olu\u015fturuyor. T\u00fcm kontrolleri sa\u011flanan \u00fcr\u00fcnde olas\u0131 bir deformasyon, hata ya da sorun varsa kenara ayr\u0131l\u0131yor. Kontrolleri ge\u00e7en \u00fcr\u00fcnler ise paketlenmek i\u00e7in Paketleme a\u015famas\u0131na ge\u00e7iyor.<\/p>\t\t\t\t\t\t\t\t<\/div>\n\t\t\t\t<\/div>\n\t\t\t\t\t<\/div>\n\t\t<\/div>\n\t\t\t\t<div class=\"elementor-column elementor-col-20 elementor-top-column elementor-element elementor-element-8f1d74e\" data-id=\"8f1d74e\" data-element_type=\"column\" data-e-type=\"column\">\n\t\t\t<div class=\"elementor-widget-wrap elementor-element-populated\">\n\t\t\t\t\t\t<div class=\"elementor-element elementor-element-b55e7d2 elementor-widget elementor-widget-image\" data-id=\"b55e7d2\" data-element_type=\"widget\" data-e-type=\"widget\" data-widget_type=\"image.default\">\n\t\t\t\t<div class=\"elementor-widget-container\">\n\t\t\t\t\t\t\t\t\t\t\t\t\t\t\t<img loading=\"lazy\" decoding=\"async\" width=\"1024\" height=\"811\" src=\"https:\/\/emredardokuma.com\/wp-content\/uploads\/2023\/01\/Narrow-Woven-Production-05-1024x811.jpg\" class=\"attachment-large size-large wp-image-2696\" alt=\"Dar Dokuma \u00dcretimi\" srcset=\"https:\/\/emredardokuma.com\/wp-content\/uploads\/2023\/01\/Narrow-Woven-Production-05-1024x811.jpg 1024w, https:\/\/emredardokuma.com\/wp-content\/uploads\/2023\/01\/Narrow-Woven-Production-05-300x238.jpg 300w, https:\/\/emredardokuma.com\/wp-content\/uploads\/2023\/01\/Narrow-Woven-Production-05-768x608.jpg 768w, https:\/\/emredardokuma.com\/wp-content\/uploads\/2023\/01\/Narrow-Woven-Production-05-1x1.jpg 1w, https:\/\/emredardokuma.com\/wp-content\/uploads\/2023\/01\/Narrow-Woven-Production-05-10x8.jpg 10w, https:\/\/emredardokuma.com\/wp-content\/uploads\/2023\/01\/Narrow-Woven-Production-05-1000x792.jpg 1000w, https:\/\/emredardokuma.com\/wp-content\/uploads\/2023\/01\/Narrow-Woven-Production-05.jpg 1200w\" sizes=\"(max-width: 1024px) 100vw, 1024px\" \/>\t\t\t\t\t\t\t\t\t\t\t\t\t\t\t<\/div>\n\t\t\t\t<\/div>\n\t\t\t\t<div class=\"elementor-element elementor-element-cbe2883 elementor-widget elementor-widget-text-editor\" data-id=\"cbe2883\" data-element_type=\"widget\" data-e-type=\"widget\" data-widget_type=\"text-editor.default\">\n\t\t\t\t<div class=\"elementor-widget-container\">\n\t\t\t\t\t\t\t\t\t<h3>Dar Dokuma Paketleme S\u00fcreci<\/h3>\n<p>T\u00fcm \u00fcretim a\u015famalar\u0131ndan sonra \u00fcr\u00fcnlerimiz paketleme s\u00fcrecine ge\u00e7iyor. Paketleme i\u015flemi \u00fcr\u00fcnler da\u011f\u0131t\u0131m ve nakliye s\u0131ras\u0131nda zarar g\u00f6rmeyecek \u015fekilde, her \u00fcr\u00fcn\u00fcn niteliklerine ve hassasiyetine g\u00f6re yap\u0131l\u0131yor. \u0130\u015fin sonunda da adet ve beklentilere g\u00f6re paketlenerek m\u00fc\u015fteriye sevk ediliyor.<\/p>\t\t\t\t\t\t\t\t<\/div>\n\t\t\t\t<\/div>\n\t\t\t\t\t<\/div>\n\t\t<\/div>\n\t\t\t\t\t<\/div>\n\t\t<\/section>\n\t\t\t\t<\/div>\n\t\t","protected":false},"excerpt":{"rendered":"<p>Dar Dokuma \u00dcretimi Nitelikli \u00e7al\u0131\u015fanlar\u0131m\u0131zla kaliteli \u00fcr\u00fcnler ortaya \u00e7\u0131kar\u0131yor ve bir\u00e7ok \u00fclkeye \u00fcr\u00fcn sa\u011fl\u0131yoruz. Emre Dar Dokuma \u00dcretim olarak her zaman kalite standartlar\u0131m\u0131z\u0131 ve beklentilerimizi&#8230;<\/p>\n","protected":false},"author":2,"featured_media":0,"parent":0,"menu_order":0,"comment_status":"closed","ping_status":"closed","template":"elementor_header_footer","meta":{"footnotes":""},"class_list":["post-2991","page","type-page","status-publish","hentry"],"yoast_head":"<!-- This site is optimized with the Yoast SEO plugin v27.4 - https:\/\/yoast.com\/product\/yoast-seo-wordpress\/ -->\n<title>Dar Dokuma \u00dcretimi | Emre Dar Dokuma<\/title>\n<meta name=\"description\" content=\"Narrow Woven Production, Emre Narrow Woven Production Stages, Narrow Woven Design, Modeling, Weaving, Finishing, Packaging Process.\" \/>\n<meta name=\"robots\" content=\"index, follow, max-snippet:-1, max-image-preview:large, max-video-preview:-1\" \/>\n<link rel=\"canonical\" href=\"https:\/\/emredardokuma.com\/tr\/dar-dokuma-uretimi\/\" \/>\n<meta property=\"og:locale\" content=\"tr_TR\" \/>\n<meta property=\"og:type\" content=\"article\" \/>\n<meta property=\"og:title\" content=\"Dar Dokuma \u00dcretimi | Emre Dar Dokuma\" \/>\n<meta property=\"og:description\" content=\"Narrow Woven Production, Emre Narrow Woven Production Stages, Narrow Woven Design, Modeling, Weaving, Finishing, Packaging Process.\" \/>\n<meta property=\"og:url\" content=\"https:\/\/emredardokuma.com\/tr\/dar-dokuma-uretimi\/\" \/>\n<meta property=\"og:site_name\" content=\"Emre Narrow Woven\" \/>\n<meta property=\"article:modified_time\" content=\"2024-08-03T16:17:02+00:00\" \/>\n<meta property=\"og:image\" content=\"https:\/\/emredardokuma.com\/wp-content\/uploads\/2023\/01\/Narrow-Woven-Production-01-1024x811.jpg\" \/>\n<meta name=\"twitter:card\" content=\"summary_large_image\" \/>\n<meta name=\"twitter:label1\" content=\"Tahmini okuma s\u00fcresi\" \/>\n\t<meta name=\"twitter:data1\" content=\"4 dakika\" \/>\n<script type=\"application\/ld+json\" class=\"yoast-schema-graph\">{\"@context\":\"https:\\\/\\\/schema.org\",\"@graph\":[{\"@type\":\"WebPage\",\"@id\":\"https:\\\/\\\/emredardokuma.com\\\/tr\\\/dar-dokuma-uretimi\\\/\",\"url\":\"https:\\\/\\\/emredardokuma.com\\\/tr\\\/dar-dokuma-uretimi\\\/\",\"name\":\"Dar Dokuma \u00dcretimi | Emre Dar Dokuma\",\"isPartOf\":{\"@id\":\"https:\\\/\\\/emredardokuma.com\\\/#website\"},\"primaryImageOfPage\":{\"@id\":\"https:\\\/\\\/emredardokuma.com\\\/tr\\\/dar-dokuma-uretimi\\\/#primaryimage\"},\"image\":{\"@id\":\"https:\\\/\\\/emredardokuma.com\\\/tr\\\/dar-dokuma-uretimi\\\/#primaryimage\"},\"thumbnailUrl\":\"https:\\\/\\\/emredardokuma.com\\\/wp-content\\\/uploads\\\/2023\\\/01\\\/Narrow-Woven-Production-01-1024x811.jpg\",\"datePublished\":\"2022-09-22T18:30:51+00:00\",\"dateModified\":\"2024-08-03T16:17:02+00:00\",\"description\":\"Narrow Woven Production, Emre Narrow Woven Production Stages, Narrow Woven Design, Modeling, Weaving, Finishing, Packaging Process.\",\"breadcrumb\":{\"@id\":\"https:\\\/\\\/emredardokuma.com\\\/tr\\\/dar-dokuma-uretimi\\\/#breadcrumb\"},\"inLanguage\":\"tr\",\"potentialAction\":[{\"@type\":\"ReadAction\",\"target\":[\"https:\\\/\\\/emredardokuma.com\\\/tr\\\/dar-dokuma-uretimi\\\/\"]}]},{\"@type\":\"ImageObject\",\"inLanguage\":\"tr\",\"@id\":\"https:\\\/\\\/emredardokuma.com\\\/tr\\\/dar-dokuma-uretimi\\\/#primaryimage\",\"url\":\"https:\\\/\\\/emredardokuma.com\\\/wp-content\\\/uploads\\\/2023\\\/01\\\/Narrow-Woven-Production-01-1024x811.jpg\",\"contentUrl\":\"https:\\\/\\\/emredardokuma.com\\\/wp-content\\\/uploads\\\/2023\\\/01\\\/Narrow-Woven-Production-01-1024x811.jpg\"},{\"@type\":\"BreadcrumbList\",\"@id\":\"https:\\\/\\\/emredardokuma.com\\\/tr\\\/dar-dokuma-uretimi\\\/#breadcrumb\",\"itemListElement\":[{\"@type\":\"ListItem\",\"position\":1,\"name\":\"Home\",\"item\":\"https:\\\/\\\/emredardokuma.com\\\/\"},{\"@type\":\"ListItem\",\"position\":2,\"name\":\"Dar Dokuma \u00dcretimi\"}]},{\"@type\":\"WebSite\",\"@id\":\"https:\\\/\\\/emredardokuma.com\\\/#website\",\"url\":\"https:\\\/\\\/emredardokuma.com\\\/\",\"name\":\"Emre Narrow Woven\",\"description\":\"Narrow Woven Products\",\"publisher\":{\"@id\":\"https:\\\/\\\/emredardokuma.com\\\/#organization\"},\"potentialAction\":[{\"@type\":\"SearchAction\",\"target\":{\"@type\":\"EntryPoint\",\"urlTemplate\":\"https:\\\/\\\/emredardokuma.com\\\/?s={search_term_string}\"},\"query-input\":{\"@type\":\"PropertyValueSpecification\",\"valueRequired\":true,\"valueName\":\"search_term_string\"}}],\"inLanguage\":\"tr\"},{\"@type\":\"Organization\",\"@id\":\"https:\\\/\\\/emredardokuma.com\\\/#organization\",\"name\":\"Emre Narrow Woven\",\"url\":\"https:\\\/\\\/emredardokuma.com\\\/\",\"logo\":{\"@type\":\"ImageObject\",\"inLanguage\":\"tr\",\"@id\":\"https:\\\/\\\/emredardokuma.com\\\/#\\\/schema\\\/logo\\\/image\\\/\",\"url\":\"https:\\\/\\\/emredardokuma.com\\\/wp-content\\\/uploads\\\/2022\\\/09\\\/emre-dar-dokuma.png\",\"contentUrl\":\"https:\\\/\\\/emredardokuma.com\\\/wp-content\\\/uploads\\\/2022\\\/09\\\/emre-dar-dokuma.png\",\"width\":400,\"height\":98,\"caption\":\"Emre Narrow Woven\"},\"image\":{\"@id\":\"https:\\\/\\\/emredardokuma.com\\\/#\\\/schema\\\/logo\\\/image\\\/\"}}]}<\/script>\n<!-- \/ Yoast SEO plugin. -->","yoast_head_json":{"title":"Dar Dokuma \u00dcretimi | Emre Dar Dokuma","description":"Narrow Woven Production, Emre Narrow Woven Production Stages, Narrow Woven Design, Modeling, Weaving, Finishing, Packaging Process.","robots":{"index":"index","follow":"follow","max-snippet":"max-snippet:-1","max-image-preview":"max-image-preview:large","max-video-preview":"max-video-preview:-1"},"canonical":"https:\/\/emredardokuma.com\/tr\/dar-dokuma-uretimi\/","og_locale":"tr_TR","og_type":"article","og_title":"Dar Dokuma \u00dcretimi | Emre Dar Dokuma","og_description":"Narrow Woven Production, Emre Narrow Woven Production Stages, Narrow Woven Design, Modeling, Weaving, Finishing, Packaging Process.","og_url":"https:\/\/emredardokuma.com\/tr\/dar-dokuma-uretimi\/","og_site_name":"Emre Narrow Woven","article_modified_time":"2024-08-03T16:17:02+00:00","og_image":[{"url":"https:\/\/emredardokuma.com\/wp-content\/uploads\/2023\/01\/Narrow-Woven-Production-01-1024x811.jpg","type":"","width":"","height":""}],"twitter_card":"summary_large_image","twitter_misc":{"Tahmini okuma s\u00fcresi":"4 dakika"},"schema":{"@context":"https:\/\/schema.org","@graph":[{"@type":"WebPage","@id":"https:\/\/emredardokuma.com\/tr\/dar-dokuma-uretimi\/","url":"https:\/\/emredardokuma.com\/tr\/dar-dokuma-uretimi\/","name":"Dar Dokuma \u00dcretimi | Emre Dar Dokuma","isPartOf":{"@id":"https:\/\/emredardokuma.com\/#website"},"primaryImageOfPage":{"@id":"https:\/\/emredardokuma.com\/tr\/dar-dokuma-uretimi\/#primaryimage"},"image":{"@id":"https:\/\/emredardokuma.com\/tr\/dar-dokuma-uretimi\/#primaryimage"},"thumbnailUrl":"https:\/\/emredardokuma.com\/wp-content\/uploads\/2023\/01\/Narrow-Woven-Production-01-1024x811.jpg","datePublished":"2022-09-22T18:30:51+00:00","dateModified":"2024-08-03T16:17:02+00:00","description":"Narrow Woven Production, Emre Narrow Woven Production Stages, Narrow Woven Design, Modeling, Weaving, Finishing, Packaging Process.","breadcrumb":{"@id":"https:\/\/emredardokuma.com\/tr\/dar-dokuma-uretimi\/#breadcrumb"},"inLanguage":"tr","potentialAction":[{"@type":"ReadAction","target":["https:\/\/emredardokuma.com\/tr\/dar-dokuma-uretimi\/"]}]},{"@type":"ImageObject","inLanguage":"tr","@id":"https:\/\/emredardokuma.com\/tr\/dar-dokuma-uretimi\/#primaryimage","url":"https:\/\/emredardokuma.com\/wp-content\/uploads\/2023\/01\/Narrow-Woven-Production-01-1024x811.jpg","contentUrl":"https:\/\/emredardokuma.com\/wp-content\/uploads\/2023\/01\/Narrow-Woven-Production-01-1024x811.jpg"},{"@type":"BreadcrumbList","@id":"https:\/\/emredardokuma.com\/tr\/dar-dokuma-uretimi\/#breadcrumb","itemListElement":[{"@type":"ListItem","position":1,"name":"Home","item":"https:\/\/emredardokuma.com\/"},{"@type":"ListItem","position":2,"name":"Dar Dokuma \u00dcretimi"}]},{"@type":"WebSite","@id":"https:\/\/emredardokuma.com\/#website","url":"https:\/\/emredardokuma.com\/","name":"Emre Narrow Woven","description":"Narrow Woven Products","publisher":{"@id":"https:\/\/emredardokuma.com\/#organization"},"potentialAction":[{"@type":"SearchAction","target":{"@type":"EntryPoint","urlTemplate":"https:\/\/emredardokuma.com\/?s={search_term_string}"},"query-input":{"@type":"PropertyValueSpecification","valueRequired":true,"valueName":"search_term_string"}}],"inLanguage":"tr"},{"@type":"Organization","@id":"https:\/\/emredardokuma.com\/#organization","name":"Emre Narrow Woven","url":"https:\/\/emredardokuma.com\/","logo":{"@type":"ImageObject","inLanguage":"tr","@id":"https:\/\/emredardokuma.com\/#\/schema\/logo\/image\/","url":"https:\/\/emredardokuma.com\/wp-content\/uploads\/2022\/09\/emre-dar-dokuma.png","contentUrl":"https:\/\/emredardokuma.com\/wp-content\/uploads\/2022\/09\/emre-dar-dokuma.png","width":400,"height":98,"caption":"Emre Narrow Woven"},"image":{"@id":"https:\/\/emredardokuma.com\/#\/schema\/logo\/image\/"}}]}},"_links":{"self":[{"href":"https:\/\/emredardokuma.com\/tr\/wp-json\/wp\/v2\/pages\/2991","targetHints":{"allow":["GET"]}}],"collection":[{"href":"https:\/\/emredardokuma.com\/tr\/wp-json\/wp\/v2\/pages"}],"about":[{"href":"https:\/\/emredardokuma.com\/tr\/wp-json\/wp\/v2\/types\/page"}],"author":[{"embeddable":true,"href":"https:\/\/emredardokuma.com\/tr\/wp-json\/wp\/v2\/users\/2"}],"replies":[{"embeddable":true,"href":"https:\/\/emredardokuma.com\/tr\/wp-json\/wp\/v2\/comments?post=2991"}],"version-history":[{"count":45,"href":"https:\/\/emredardokuma.com\/tr\/wp-json\/wp\/v2\/pages\/2991\/revisions"}],"predecessor-version":[{"id":3910,"href":"https:\/\/emredardokuma.com\/tr\/wp-json\/wp\/v2\/pages\/2991\/revisions\/3910"}],"wp:attachment":[{"href":"https:\/\/emredardokuma.com\/tr\/wp-json\/wp\/v2\/media?parent=2991"}],"curies":[{"name":"wp","href":"https:\/\/api.w.org\/{rel}","templated":true}]}}